{"version":"1.0","provider_name":"Pastorale per la crescita della persona","provider_url":"https:\/\/www.diocesi.brescia.it\/persona","title":"6 DI PAROLA - La tua promessa mi fa vivere - Pastorale per la crescita della persona","type":"rich","width":600,"height":338,"html":"<blockquote class=\"wp-embedded-content\" data-secret=\"iID7qQaexb\"><a href=\"https:\/\/www.diocesi.brescia.it\/persona\/fiiii\/\">6 DI PAROLA &#8211; La tua promessa mi fa vivere<\/a><\/blockquote><iframe sandbox=\"allow-scripts\" security=\"restricted\" src=\"https:\/\/www.diocesi.brescia.it\/persona\/fiiii\/embed\/#?secret=iID7qQaexb\" width=\"600\" height=\"338\" title=\"&#8220;6 DI PAROLA &#8211; La tua promessa mi fa vivere&#8221; &#8212; Pastorale per la crescita della persona\" data-secret=\"iID7qQaexb\" frameborder=\"0\" marginwidth=\"0\" marginheight=\"0\" scrolling=\"no\" class=\"wp-embedded-content\"><\/iframe><script type=\"text\/javascript\">\n\/* <![CDATA[ *\/\n\/*! This file is auto-generated *\/\n!function(d,l){\"use strict\";l.querySelector&&d.addEventListener&&\"undefined\"!=typeof URL&&(d.wp=d.wp||{},d.wp.receiveEmbedMessage||(d.wp.receiveEmbedMessage=function(e){var t=e.data;if((t||t.secret||t.message||t.value)&&!\/[^a-zA-Z0-9]\/.test(t.secret)){for(var s,r,n,a=l.querySelectorAll('iframe[data-secret=\"'+t.secret+'\"]'),o=l.querySelectorAll('blockquote[data-secret=\"'+t.secret+'\"]'),c=new RegExp(\"^https?:$\",\"i\"),i=0;i<o.length;i++)o[i].style.display=\"none\";for(i=0;i<a.length;i++)s=a[i],e.source===s.contentWindow&&(s.removeAttribute(\"style\"),\"height\"===t.message?(1e3<(r=parseInt(t.value,10))?r=1e3:~~r<200&&(r=200),s.height=r):\"link\"===t.message&&(r=new URL(s.getAttribute(\"src\")),n=new URL(t.value),c.test(n.protocol))&&n.host===r.host&&l.activeElement===s&&(d.top.location.href=t.value))}},d.addEventListener(\"message\",d.wp.receiveEmbedMessage,!1),l.addEventListener(\"DOMContentLoaded\",function(){for(var e,t,s=l.querySelectorAll(\"iframe.wp-embedded-content\"),r=0;r<s.length;r++)(t=(e=s[r]).getAttribute(\"data-secret\"))||(t=Math.random().toString(36).substring(2,12),e.src+=\"#?secret=\"+t,e.setAttribute(\"data-secret\",t)),e.contentWindow.postMessage({message:\"ready\",secret:t},\"*\")},!1)))}(window,document);\n\/* ]]> *\/\n<\/script>\n","thumbnail_url":"https:\/\/www.diocesi.brescia.it\/persona\/wp-content\/uploads\/sites\/5\/2021\/09\/anno-oratoriano-6-di-parola.jpg","thumbnail_width":768,"thumbnail_height":565,"description":"La Parola di Dio \u00e8 il punto focale al quale il Vescovo Pierantonio ci invita a guardare nei prossimi anni pastorali. L\u2019invito \u00e8 quello di fare che \u201cil primato della Parola sia vissuto\u201d. Affrontare questa priorit\u00e0 \u00e8 molto facile in astratto, molto pi\u00f9 complesso nella vita concreta delle nostre comunit\u00e0 e dei nostri oratori. Cosa significa? Cosa vuol dire per i bambini, per i ragazzi, &hellip; Continua a leggere &raquo;"}